{"id":48421,"date":"2020-12-05T17:17:01","date_gmt":"2020-12-05T17:17:01","guid":{"rendered":"https:\/\/genderpaygap-elimination.pt\/en\/?page_id=48421"},"modified":"2020-12-07T10:41:16","modified_gmt":"2020-12-07T10:41:16","slug":"sara-falcao-casaca","status":"publish","type":"page","link":"https:\/\/genderpaygap-elimination.pt\/en\/sara-falcao-casaca\/","title":{"rendered":"Sara Falc\u00e3o Casaca"},"content":{"rendered":"<p>[et_pb_section fb_built=&#8221;1&#8243; custom_padding_last_edited=&#8221;on|desktop&#8221; _builder_version=&#8221;3.26.3&#8243; custom_margin=&#8221;0px||0px||true|false&#8221; custom_padding=&#8221;60px||60px||true|false&#8221; custom_padding_tablet=&#8221;&#8221; custom_padding_phone=&#8221;&#8221;][et_pb_row _builder_version=&#8221;4.7.3&#8243; max_width=&#8221;900px&#8221; custom_margin=&#8221;0px||0px||true|false&#8221; custom_padding=&#8221;0px||0px||true|false&#8221;][et_pb_column type=&#8221;4_4&#8243; _builder_version=&#8221;3.26.3&#8243;][et_pb_blurb title=&#8221;Sara Falc\u00e3o Casaca&#8221; image=&#8221;https:\/\/genderpaygap-elimination.pt\/en\/wp-content\/uploads\/2020\/12\/equipa_01.png&#8221; _builder_version=&#8221;4.7.4&#8243; _module_preset=&#8221;default&#8221; header_font=&#8221;|600|||||||&#8221; header_text_color=&#8221;#003096&#8243; header_font_size=&#8221;20px&#8221; body_line_height=&#8221;1em&#8221; text_orientation=&#8221;center&#8221; custom_margin=&#8221;||0px||false|false&#8221; custom_padding=&#8221;||20px||false|false&#8221; hover_enabled=&#8221;0&#8243; sticky_enabled=&#8221;0&#8243;]Coordena\u00e7\u00e3o[\/et_pb_blurb][et_pb_text _builder_version=&#8221;4.7.3&#8243; text_orientation=&#8221;justify&#8221; custom_margin=&#8221;0px||0px||true|false&#8221; custom_padding=&#8221;0px||40px||false|false&#8221; text_text_align=&#8221;justify&#8221;]Doutorada em Sociologia Econ\u00f3mica e das Organiza\u00e7\u00f5es e Professora Associada com Agrega\u00e7\u00e3o do Instituto Superior de Economia e Gest\u00e3o da Universidade de Lisboa (ISEG-ULisboa). \u00c9 investigadora-integrada do Centro de Investiga\u00e7\u00e3o em Sociologia Econ\u00f3mica e das Organiza\u00e7\u00f5es \/ Cons\u00f3rci de Ci\u00eancias Sociais e Gest\u00e3o (SOCIUS\/CSG). \u00c9 Coordenadora do Programa de Doutoramento em Sociologia Econ\u00f3mica e das Organiza\u00e7\u00f5es. \u00c9 Diretora-Adjunta do Conselho de Reda\u00e7\u00e3o da revista An\u00e1lise Social (Instituto de Ci\u00eancias Sociais_ULisboa). Faz parte do Comit\u00e9 Cient\u00edfico da RN14 \u2013 Research Network in Gender Relation in the Labour Market and the Welfare State, da ESA \u2013 European Sociological Association. Integra o Grupo T\u00e9cnico-Cient\u00edfico do Conselho Consultivo da CIG &#8211; Comiss\u00e3o para a Cidadania e Igualdade de G\u00e9nero, na qualidade personalidade de reconhecida compet\u00eancia cient\u00edfica nas \u00e1reas dos direitos das mulheres, da igualdade de g\u00e9nero e da cidadania. \u00c9 colaboradora regular do Centro Internacional de Forma\u00e7\u00e3o da Organiza\u00e7\u00e3o Internacional e Trabalho (OIT). Tem colaborado como perita com os mecanismos oficiais para a Igualdade e com ag\u00eancias nacionais, europeias e internacionais. Foi Presidente da CIG \u2013 Comiss\u00e3o para a Cidadania e Igualdade de G\u00e9nero (Presid\u00eancia do Conselho de Ministros).[\/et_pb_text][\/et_pb_column][\/et_pb_row][\/et_pb_section][et_pb_section fb_built=&#8221;1&#8243; disabled_on=&#8221;off|off|off&#8221; _builder_version=&#8221;4.7.3&#8243; background_color=&#8221;#003096&#8243; custom_margin=&#8221;0px||0px||true|false&#8221; custom_padding=&#8221;0px|0px|0px|0px|true|true&#8221; custom_padding_tablet=&#8221;0px||0px|&#8221; background_color_phone=&#8221;#00458b&#8221; background_last_edited=&#8221;on|phone&#8221; background_enable_color_phone=&#8221;on&#8221; global_module=&#8221;47894&#8243; saved_tabs=&#8221;all&#8221; background__hover_enabled=&#8221;off|desktop&#8221;][et_pb_row column_structure=&#8221;1_3,1_3,1_3&#8243; use_custom_gutter=&#8221;on&#8221; gutter_width=&#8221;2&#8243; module_class=&#8221;LinkFooterBranco&#8221; _builder_version=&#8221;4.7.3&#8243; _module_preset=&#8221;default&#8221; width=&#8221;95%&#8221; max_width=&#8221;1200px&#8221; custom_padding=&#8221;50px||||false|false&#8221;][et_pb_column type=&#8221;1_3&#8243; _builder_version=&#8221;4.7.3&#8243; _module_preset=&#8221;default&#8221;][et_pb_text _builder_version=&#8221;4.7.3&#8243; _module_preset=&#8221;default&#8221; header_4_font=&#8221;||||||||&#8221; header_4_font_size=&#8221;14px&#8221; background_layout=&#8221;dark&#8221; custom_margin=&#8221;||10px||false|false&#8221; custom_padding=&#8221;||0px||false|false&#8221; text_orientation_tablet=&#8221;center&#8221; text_orientation_phone=&#8221;center&#8221; text_orientation_last_edited=&#8221;on|phone&#8221;]<\/p>\n<h4>Entidade financiadora:<\/h4>\n<p>[\/et_pb_text][et_pb_image src=&#8221;https:\/\/genderpaygap-elimination.pt\/en\/wp-content\/uploads\/2020\/11\/LOGO_FOOTER.png&#8221; title_text=&#8221;EEA Grants&#8221; url=&#8221;https:\/\/www.eeagrants.gov.pt\/pt\/&#8221; url_new_window=&#8221;on&#8221; align_tablet=&#8221;center&#8221; align_phone=&#8221;&#8221; align_last_edited=&#8221;on|tablet&#8221; _builder_version=&#8221;4.7.3&#8243; _module_preset=&#8221;default&#8221; width=&#8221;50%&#8221;][\/et_pb_image][\/et_pb_column][et_pb_column type=&#8221;1_3&#8243; _builder_version=&#8221;4.7.3&#8243; _module_preset=&#8221;default&#8221; custom_padding=&#8221;|||40px|false|false&#8221; custom_padding_tablet=&#8221;|||0px|false|false&#8221; custom_padding_phone=&#8221;|||0px|false|false&#8221; custom_padding_last_edited=&#8221;on|desktop&#8221;][et_pb_text _builder_version=&#8221;4.7.3&#8243; _module_preset=&#8221;default&#8221; text_font=&#8221;||||||||&#8221; header_4_font_size=&#8221;16px&#8221; header_4_letter_spacing=&#8221;1px&#8221; background_layout=&#8221;dark&#8221; custom_margin=&#8221;||20px||false|false&#8221; custom_margin_tablet=&#8221;&#8221; custom_margin_phone=&#8221;20px||20px||false|false&#8221; custom_margin_last_edited=&#8221;on|phone&#8221; text_orientation_tablet=&#8221;center&#8221; text_orientation_phone=&#8221;center&#8221; text_orientation_last_edited=&#8221;on|phone&#8221;]<\/p>\n<h4>CONTACTOS<\/h4>\n<p>[\/et_pb_text][et_pb_blurb url=&#8221;tel:+351%20213%20925%20800&#8243; use_icon=&#8221;on&#8221; font_icon=&#8221;%%264%%&#8221; icon_color=&#8221;#ffffff&#8221; use_circle=&#8221;on&#8221; circle_color=&#8221;rgba(0,0,0,0)&#8221; use_circle_border=&#8221;on&#8221; circle_border_color=&#8221;#ffffff&#8221; icon_placement=&#8221;left&#8221; use_icon_font_size=&#8221;on&#8221; icon_font_size=&#8221;10px&#8221; content_max_width_tablet=&#8221;&#8221; content_max_width_phone=&#8221;&#8221; content_max_width_last_edited=&#8221;on|phone&#8221; disabled_on=&#8221;on|on|off&#8221; _builder_version=&#8221;4.7.3&#8243; _module_preset=&#8221;default&#8221; background_layout=&#8221;dark&#8221; custom_margin=&#8221;||10px||false|false&#8221;]<\/p>\n<p><a style=\"color: #fff;\" href=\"tel:+351%20213 925 800\" target=\"_blank\" rel=\"noopener noreferrer\">Tlf: (+351) 213 925 800<\/a><\/p>\n<p>[\/et_pb_blurb][et_pb_blurb url=&#8221;mailto:gpg.e@iseg.ulisboa.pt&#8221; use_icon=&#8221;on&#8221; font_icon=&#8221;%%238%%&#8221; icon_color=&#8221;#ffffff&#8221; use_circle=&#8221;on&#8221; circle_color=&#8221;rgba(0,0,0,0)&#8221; use_circle_border=&#8221;on&#8221; circle_border_color=&#8221;#ffffff&#8221; icon_placement=&#8221;left&#8221; use_icon_font_size=&#8221;on&#8221; icon_font_size=&#8221;10px&#8221; disabled_on=&#8221;on|on|off&#8221; _builder_version=&#8221;4.7.3&#8243; _module_preset=&#8221;default&#8221; background_layout=&#8221;dark&#8221; custom_margin=&#8221;||10px||false|false&#8221;]<\/p>\n<p><a style=\"color: #fff;\" href=\"mailto:gpg.e@iseg.ulisboa.pt\" target=\"_blank\" rel=\"noopener noreferrer\">Email: gpg.e@iseg.ulisboa.pt<\/a><\/p>\n<p>[\/et_pb_blurb][et_pb_blurb title=&#8221;ISEG &#8211; ULisboa&#8221; use_icon=&#8221;on&#8221; font_icon=&#8221;%%249%%&#8221; icon_color=&#8221;#ffffff&#8221; use_circle=&#8221;on&#8221; circle_color=&#8221;rgba(0,0,0,0)&#8221; use_circle_border=&#8221;on&#8221; circle_border_color=&#8221;#ffffff&#8221; icon_placement=&#8221;left&#8221; use_icon_font_size=&#8221;on&#8221; icon_font_size=&#8221;10px&#8221; disabled_on=&#8221;on|on|off&#8221; _builder_version=&#8221;4.7.3&#8243; _module_preset=&#8221;default&#8221; header_font_size=&#8221;17px&#8221; body_font_size=&#8221;14px&#8221; body_line_height=&#8221;1em&#8221; background_layout=&#8221;dark&#8221; custom_margin=&#8221;|-40px|10px||false|false&#8221;]Rua do Quelhas, n.\u00ba 6, 1200-781 Lisboa &#8211; Portugal[\/et_pb_blurb][et_pb_text disabled_on=&#8221;off|off|on&#8221; _builder_version=&#8221;4.7.3&#8243; _module_preset=&#8221;default&#8221; text_orientation=&#8221;center&#8221;]<\/p>\n<p><a style=\"color: #fff;\" href=\"tel:+351 20213 925 800\" target=\"_blank\" rel=\"noopener noreferrer\">Tlf: (+351) 213 925 800<\/a><br \/> <a style=\"color: #fff;\" href=\"mailto:gpg.e@iseg.ulisboa.pt\" target=\"_blank\" rel=\"noopener noreferrer\">Email: gpg.e@iseg.ulisboa.pt<\/a><\/p>\n<p style=\"color: #fff;\">ISEG &#8211; ULisboa<br \/> Rua do Quelhas, n.\u00ba 6,<br \/> 1200-781 Lisboa &#8211; Portugal<\/p>\n<p>[\/et_pb_text][\/et_pb_column][et_pb_column type=&#8221;1_3&#8243; _builder_version=&#8221;4.7.3&#8243; _module_preset=&#8221;default&#8221;][et_pb_text _builder_version=&#8221;4.7.3&#8243; _module_preset=&#8221;default&#8221; header_4_font_size=&#8221;16px&#8221; header_4_letter_spacing=&#8221;1px&#8221; text_orientation=&#8221;right&#8221; background_layout=&#8221;dark&#8221; header_4_text_align_tablet=&#8221;&#8221; header_4_text_align_phone=&#8221;center&#8221; header_4_text_align_last_edited=&#8221;on|phone&#8221; text_orientation_tablet=&#8221;center&#8221; text_orientation_phone=&#8221;&#8221; text_orientation_last_edited=&#8221;on|phone&#8221;]<\/p>\n<h4>SIGA-NOS<\/h4>\n<p>[\/et_pb_text][et_pb_social_media_follow use_icon_font_size=&#8221;on&#8221; icon_font_size=&#8221;15px&#8221; _builder_version=&#8221;4.7.3&#8243; text_orientation=&#8221;right&#8221; custom_margin=&#8221;0px||0px||true|false&#8221; custom_margin_tablet=&#8221;|0px|||true|false&#8221; custom_margin_phone=&#8221;&#8221; custom_margin_last_edited=&#8221;on|desktop&#8221; custom_padding=&#8221;0px||0px||true|false&#8221; text_orientation_tablet=&#8221;center&#8221; text_orientation_phone=&#8221;&#8221; text_orientation_last_edited=&#8221;on|desktop&#8221; border_radii=&#8221;on|50px|50px|50px|50px&#8221;][et_pb_social_media_follow_network social_network=&#8221;facebook&#8221; icon_color=&#8221;#ffffff&#8221; _builder_version=&#8221;4.7.3&#8243; background_color=&#8221;rgba(0,0,0,0)&#8221; background_enable_color=&#8221;on&#8221; custom_margin=&#8221;0px|0px|0px|0px|true|true&#8221; custom_padding=&#8221;0px|0px|0px|0px|true|true&#8221; border_width_all=&#8221;1px&#8221; border_color_all=&#8221;#ffffff&#8221; icon_color__hover_enabled=&#8221;on|hover&#8221; icon_color__hover=&#8221;#ffffff&#8221; background__hover_enabled=&#8221;on|hover&#8221; background_color__hover=&#8221;rgba(0,0,0,0)&#8221; background_enable_color__hover=&#8221;on&#8221; follow_button=&#8221;off&#8221; url_new_window=&#8221;on&#8221;]facebook[\/et_pb_social_media_follow_network][\/et_pb_social_media_follow][\/et_pb_column][\/et_pb_row][et_pb_row _builder_version=&#8221;4.7.3&#8243; _module_preset=&#8221;default&#8221; width=&#8221;100%&#8221; max_width=&#8221;1200px&#8221; custom_margin=&#8221;0px||||false|false&#8221; custom_padding=&#8221;10px||||false|false&#8221;][et_pb_column type=&#8221;4_4&#8243; _builder_version=&#8221;4.7.3&#8243; _module_preset=&#8221;default&#8221;][et_pb_divider color=&#8221;rgba(255,255,255,0.32)&#8221; _builder_version=&#8221;4.7.3&#8243; _module_preset=&#8221;default&#8221;][\/et_pb_divider][\/et_pb_column][\/et_pb_row][et_pb_row column_structure=&#8221;1_5,1_5,1_5,1_5,1_5&#8243; use_custom_gutter=&#8221;on&#8221; gutter_width=&#8221;2&#8243; _builder_version=&#8221;4.7.3&#8243; _module_preset=&#8221;default&#8221; width=&#8221;95%&#8221; max_width=&#8221;1200px&#8221; custom_padding=&#8221;0px|||||&#8221;][et_pb_column type=&#8221;1_5&#8243; _builder_version=&#8221;4.7.3&#8243; _module_preset=&#8221;default&#8221;][et_pb_text _builder_version=&#8221;4.7.3&#8243; _module_preset=&#8221;default&#8221; text_font_size=&#8221;12px&#8221; background_layout=&#8221;dark&#8221; custom_margin=&#8221;||10px||false|false&#8221; custom_padding=&#8221;||0px||false|false&#8221; text_orientation_tablet=&#8221;&#8221; text_orientation_phone=&#8221;center&#8221; text_orientation_last_edited=&#8221;on|phone&#8221;]Entidade Operadora de Programa:[\/et_pb_text][et_pb_image src=&#8221;https:\/\/genderpaygap-elimination.pt\/en\/wp-content\/uploads\/2020\/11\/CIG.png&#8221; title_text=&#8221;CIG&#8221; align_tablet=&#8221;&#8221; align_phone=&#8221;center&#8221; align_last_edited=&#8221;on|phone&#8221; _builder_version=&#8221;4.7.3&#8243; _module_preset=&#8221;default&#8221; border_width_all=&#8221;3px&#8221; border_color_all=&#8221;rgba(255,255,255,0.32)&#8221;][\/et_pb_image][\/et_pb_column][et_pb_column type=&#8221;1_5&#8243; _builder_version=&#8221;4.7.3&#8243; _module_preset=&#8221;default&#8221;][et_pb_text _builder_version=&#8221;4.7.3&#8243; _module_preset=&#8221;default&#8221; text_font_size=&#8221;12px&#8221; background_layout=&#8221;dark&#8221; custom_margin=&#8221;||10px||false|false&#8221; custom_padding=&#8221;||0px||false|false&#8221; text_orientation_tablet=&#8221;&#8221; text_orientation_phone=&#8221;center&#8221; text_orientation_last_edited=&#8221;on|phone&#8221;]Entidade Promotora:[\/et_pb_text][et_pb_image src=&#8221;https:\/\/genderpaygap-elimination.pt\/en\/wp-content\/uploads\/2020\/11\/ISEG.png&#8221; title_text=&#8221;ISEG&#8221; align_tablet=&#8221;&#8221; align_phone=&#8221;center&#8221; align_last_edited=&#8221;on|phone&#8221; _builder_version=&#8221;4.7.3&#8243; _module_preset=&#8221;default&#8221; border_width_all=&#8221;3px&#8221; border_color_all=&#8221;rgba(255,255,255,0.32)&#8221;][\/et_pb_image][\/et_pb_column][et_pb_column type=&#8221;1_5&#8243; _builder_version=&#8221;4.7.3&#8243; _module_preset=&#8221;default&#8221;][et_pb_text _builder_version=&#8221;4.7.3&#8243; _module_preset=&#8221;default&#8221; text_font_size=&#8221;12px&#8221; background_layout=&#8221;dark&#8221; custom_margin=&#8221;||10px||false|false&#8221; custom_padding=&#8221;||0px||false|false&#8221; text_orientation_tablet=&#8221;&#8221; text_orientation_phone=&#8221;center&#8221; text_orientation_last_edited=&#8221;on|phone&#8221;]Entidade Parceira:[\/et_pb_text][et_pb_image src=&#8221;https:\/\/genderpaygap-elimination.pt\/en\/wp-content\/uploads\/2020\/11\/CESIS.png&#8221; title_text=&#8221;CESIS&#8221; align_tablet=&#8221;&#8221; align_phone=&#8221;center&#8221; align_last_edited=&#8221;on|phone&#8221; _builder_version=&#8221;4.7.3&#8243; _module_preset=&#8221;default&#8221; border_width_all=&#8221;3px&#8221; border_color_all=&#8221;rgba(255,255,255,0.32)&#8221;][\/et_pb_image][\/et_pb_column][et_pb_column type=&#8221;1_5&#8243; _builder_version=&#8221;4.7.3&#8243; _module_preset=&#8221;default&#8221;][et_pb_text _builder_version=&#8221;4.7.3&#8243; _module_preset=&#8221;default&#8221; text_font_size=&#8221;12px&#8221; background_layout=&#8221;dark&#8221; custom_margin=&#8221;||10px||false|false&#8221; custom_padding=&#8221;||0px||false|false&#8221; text_orientation_tablet=&#8221;&#8221; text_orientation_phone=&#8221;center&#8221; text_orientation_last_edited=&#8221;on|phone&#8221;]Entidade Parceira:[\/et_pb_text][et_pb_image src=&#8221;https:\/\/genderpaygap-elimination.pt\/en\/wp-content\/uploads\/2020\/11\/CEMAPRE.png&#8221; title_text=&#8221;CEMAPRE&#8221; align_tablet=&#8221;&#8221; align_phone=&#8221;center&#8221; align_last_edited=&#8221;on|phone&#8221; _builder_version=&#8221;4.7.3&#8243; _module_preset=&#8221;default&#8221; border_width_all=&#8221;3px&#8221; border_color_all=&#8221;rgba(255,255,255,0.32)&#8221;][\/et_pb_image][\/et_pb_column][et_pb_column type=&#8221;1_5&#8243; _builder_version=&#8221;4.7.3&#8243; _module_preset=&#8221;default&#8221;][et_pb_text _builder_version=&#8221;4.7.3&#8243; _module_preset=&#8221;default&#8221; text_font_size=&#8221;12px&#8221; background_layout=&#8221;dark&#8221; custom_margin=&#8221;||10px||false|false&#8221; custom_padding=&#8221;||0px||false|false&#8221; text_orientation_tablet=&#8221;&#8221; text_orientation_phone=&#8221;center&#8221; text_orientation_last_edited=&#8221;on|phone&#8221;]Entidade Parceira:[\/et_pb_text][et_pb_image src=&#8221;https:\/\/genderpaygap-elimination.pt\/en\/wp-content\/uploads\/2020\/11\/EDDA.png&#8221; title_text=&#8221;EDDA&#8221; align_tablet=&#8221;&#8221; align_phone=&#8221;center&#8221; align_last_edited=&#8221;on|phone&#8221; _builder_version=&#8221;4.7.3&#8243; _module_preset=&#8221;default&#8221; border_width_all=&#8221;3px&#8221; border_color_all=&#8221;rgba(255,255,255,0.32)&#8221;][\/et_pb_image][\/et_pb_column][\/et_pb_row][et_pb_row column_structure=&#8221;3_5,2_5&#8243; column_padding_mobile=&#8221;on&#8221; custom_padding_last_edited=&#8221;on|desktop&#8221; module_class=&#8221; et_pb_row_fullwidth&#8221; _builder_version=&#8221;4.7.3&#8243; background_size=&#8221;initial&#8221; background_position=&#8221;top_left&#8221; background_repeat=&#8221;repeat&#8221; width=&#8221;95%&#8221; width_tablet=&#8221;80%&#8221; width_phone=&#8221;&#8221; width_last_edited=&#8221;on|desktop&#8221; max_width=&#8221;1200px&#8221; custom_margin=&#8221;0px||0px||true|false&#8221; custom_padding=&#8221;20px|0px|40px|0px|false|true&#8221; custom_padding_tablet=&#8221;|25px||25px|true|true&#8221; custom_padding_phone=&#8221;||||true|true&#8221; make_fullwidth=&#8221;on&#8221;][et_pb_column type=&#8221;3_5&#8243; _builder_version=&#8221;3.25&#8243; custom_padding=&#8221;|||&#8221; custom_padding__hover=&#8221;|||&#8221;][et_pb_text admin_label=&#8221;Rodape nome do site&#8221; module_class=&#8221;LinkFooterBranco&#8221; _builder_version=&#8221;4.7.3&#8243; text_font=&#8221;||||||||&#8221; text_font_size=&#8221;12px&#8221; text_line_height=&#8221;1.4em&#8221; background_size=&#8221;initial&#8221; background_position=&#8221;top_left&#8221; background_repeat=&#8221;repeat&#8221; background_layout=&#8221;dark&#8221; custom_margin=&#8221;0px||0px||true&#8221; custom_padding=&#8221;0px||0px||true&#8221; text_orientation_tablet=&#8221;center&#8221; text_orientation_phone=&#8221;&#8221; text_orientation_last_edited=&#8221;on|desktop&#8221; text_text_align=&#8221;left&#8221; text_text_align_tablet=&#8221;center&#8221; text_text_align_last_edited=&#8221;on|desktop&#8221;]<\/p>\n<p style=\"padding-bottom: 8px;\"><a href=\"https:\/\/genderpaygap-elimination.pt\/en\/protecao-de-dados\/#PP\"> Pol\u00edtica de Privacidade<\/a> \u00a0\u00a0 <a href=\"https:\/\/genderpaygap-elimination.pt\/en\/protecao-de-dados\/#PC\">Cookies<\/a>&nbsp; | &nbsp;webdesign by: <a href=\"https:\/\/criativo.net\/\" target=\"_blank\" style=\"color: #ccc;\" rel=\"noopener noreferrer\">criativo.net<\/a><\/p>\n<p>[\/et_pb_text][\/et_pb_column][et_pb_column type=&#8221;2_5&#8243; _builder_version=&#8221;3.25&#8243; custom_padding=&#8221;|||&#8221; custom_padding__hover=&#8221;|||&#8221;][\/et_pb_column][\/et_pb_row][\/et_pb_section]<\/p>\n","protected":false},"excerpt":{"rendered":"<p>[et_pb_section fb_built=&#8221;1&#8243; custom_padding_last_edited=&#8221;on|desktop&#8221; _builder_version=&#8221;3.26.3&#8243; custom_margin=&#8221;0px||0px||true|false&#8221; custom_padding=&#8221;60px||60px||true|false&#8221; custom_padding_tablet=&#8221;&#8221; custom_padding_phone=&#8221;&#8221;][et_pb_row _builder_version=&#8221;4.7.3&#8243; max_width=&#8221;900px&#8221; custom_margin=&#8221;0px||0px||true|false&#8221; custom_padding=&#8221;0px||0px||true|false&#8221;][et_pb_column type=&#8221;4_4&#8243; _builder_version=&#8221;3.26.3&#8243;][et_pb_blurb title=&#8221;Sara Falc\u00e3o Casaca&#8221; image=&#8221;https:\/\/genderpaygap-elimination.pt\/en\/wp-content\/uploads\/2020\/12\/equipa_01.png&#8221; _builder_version=&#8221;4.7.4&#8243; _module_preset=&#8221;default&#8221; header_font=&#8221;|600|||||||&#8221; header_text_color=&#8221;#003096&#8243; header_font_size=&#8221;20px&#8221; body_line_height=&#8221;1em&#8221; text_orientation=&#8221;center&#8221; custom_margin=&#8221;||0px||false|false&#8221; custom_padding=&#8221;||20px||false|false&#8221; hover_enabled=&#8221;0&#8243; sticky_enabled=&#8221;0&#8243;]Coordena\u00e7\u00e3o[\/et_pb_blurb][et_pb_text _builder_version=&#8221;4.7.3&#8243; text_orientation=&#8221;justify&#8221; custom_margin=&#8221;0px||0px||true|false&#8221; custom_padding=&#8221;0px||40px||false|false&#8221; text_text_align=&#8221;justify&#8221;]Doutorada em Sociologia Econ\u00f3mica e das Organiza\u00e7\u00f5es e Professora Associada com Agrega\u00e7\u00e3o do Instituto Superior de Economia e Gest\u00e3o da Universidade de [&hellip;]<\/p>\n","protected":false},"author":3,"featured_media":0,"parent":0,"menu_order":0,"comment_status":"closed","ping_status":"closed","template":"","meta":{"_et_pb_use_builder":"on","_et_pb_old_content":"","_et_gb_content_width":""},"_links":{"self":[{"href":"https:\/\/genderpaygap-elimination.pt\/en\/wp-json\/wp\/v2\/pages\/48421"}],"collection":[{"href":"https:\/\/genderpaygap-elimination.pt\/en\/wp-json\/wp\/v2\/pages"}],"about":[{"href":"https:\/\/genderpaygap-elimination.pt\/en\/wp-json\/wp\/v2\/types\/page"}],"author":[{"embeddable":true,"href":"https:\/\/genderpaygap-elimination.pt\/en\/wp-json\/wp\/v2\/users\/3"}],"replies":[{"embeddable":true,"href":"https:\/\/genderpaygap-elimination.pt\/en\/wp-json\/wp\/v2\/comments?post=48421"}],"version-history":[{"count":8,"href":"https:\/\/genderpaygap-elimination.pt\/en\/wp-json\/wp\/v2\/pages\/48421\/revisions"}],"predecessor-version":[{"id":48609,"href":"https:\/\/genderpaygap-elimination.pt\/en\/wp-json\/wp\/v2\/pages\/48421\/revisions\/48609"}],"wp:attachment":[{"href":"https:\/\/genderpaygap-elimination.pt\/en\/wp-json\/wp\/v2\/media?parent=48421"}],"curies":[{"name":"wp","href":"https:\/\/api.w.org\/{rel}","templated":true}]}}